{"id":579,"date":"2015-02-12T13:33:31","date_gmt":"2015-02-12T12:33:31","guid":{"rendered":"http:\/\/sectionsuedoise.com\/?page_id=579"},"modified":"2025-10-07T15:07:24","modified_gmt":"2025-10-07T13:07:24","slug":"la-maternelle","status":"publish","type":"page","link":"https:\/\/sectionsuedoise.com\/fr\/le-programme-deducation\/la-maternelle\/","title":{"rendered":"La Maternelle"},"content":{"rendered":"<p>[et_pb_section fb_built=&nbsp;&raquo;1&Prime; fullwidth=&nbsp;&raquo;on&nbsp;&raquo; admin_label=&nbsp;&raquo;section&nbsp;&raquo; _builder_version=&nbsp;&raquo;4.16&Prime; background_color=&nbsp;&raquo;#92bbe4&Prime; transparent_background=&nbsp;&raquo;off&nbsp;&raquo; global_colors_info=&nbsp;&raquo;{}&nbsp;&raquo;][et_pb_fullwidth_header title=&nbsp;&raquo;La Maternelle&nbsp;&raquo; content_max_width=&nbsp;&raquo;none&nbsp;&raquo; admin_label=&nbsp;&raquo;Fullwidth Header&nbsp;&raquo; _builder_version=&nbsp;&raquo;4.16&Prime; background_color=&nbsp;&raquo;rgba(255, 255, 255, 0)&nbsp;&raquo; global_colors_info=&nbsp;&raquo;{}&nbsp;&raquo; button_one_text_size__hover_enabled=&nbsp;&raquo;off&nbsp;&raquo; button_two_text_size__hover_enabled=&nbsp;&raquo;off&nbsp;&raquo; button_one_text_color__hover_enabled=&nbsp;&raquo;off&nbsp;&raquo; button_two_text_color__hover_enabled=&nbsp;&raquo;off&nbsp;&raquo; button_one_border_width__hover_enabled=&nbsp;&raquo;off&nbsp;&raquo; button_two_border_width__hover_enabled=&nbsp;&raquo;off&nbsp;&raquo; button_one_border_color__hover_enabled=&nbsp;&raquo;off&nbsp;&raquo; button_two_border_color__hover_enabled=&nbsp;&raquo;off&nbsp;&raquo; button_one_border_radius__hover_enabled=&nbsp;&raquo;off&nbsp;&raquo; button_two_border_radius__hover_enabled=&nbsp;&raquo;off&nbsp;&raquo; button_one_letter_spacing__hover_enabled=&nbsp;&raquo;off&nbsp;&raquo; button_two_letter_spacing__hover_enabled=&nbsp;&raquo;off&nbsp;&raquo; button_one_bg_color__hover_enabled=&nbsp;&raquo;off&nbsp;&raquo; button_two_bg_color__hover_enabled=&nbsp;&raquo;off&nbsp;&raquo;] [\/et_pb_fullwidth_header][\/et_pb_section][et_pb_section fb_built=&nbsp;&raquo;1&Prime; admin_label=&nbsp;&raquo;section&nbsp;&raquo; _builder_version=&nbsp;&raquo;4.16&Prime; global_colors_info=&nbsp;&raquo;{}&nbsp;&raquo;][et_pb_row column_structure=&nbsp;&raquo;2_3,1_3&Prime; admin_label=&nbsp;&raquo;row&nbsp;&raquo; _builder_version=&nbsp;&raquo;4.16&Prime; background_size=&nbsp;&raquo;initial&nbsp;&raquo; background_position=&nbsp;&raquo;top_left&nbsp;&raquo; background_repeat=&nbsp;&raquo;repeat&nbsp;&raquo; global_colors_info=&nbsp;&raquo;{}&nbsp;&raquo;][et_pb_column type=&nbsp;&raquo;2_3&Prime; _builder_version=&nbsp;&raquo;4.16&Prime; custom_padding=&nbsp;&raquo;|||&nbsp;&raquo; global_colors_info=&nbsp;&raquo;{}&nbsp;&raquo; custom_padding__hover=&nbsp;&raquo;|||&nbsp;&raquo;][et_pb_text admin_label=&nbsp;&raquo;Text&nbsp;&raquo; _builder_version=&nbsp;&raquo;4.27.4&Prime; background_size=&nbsp;&raquo;initial&nbsp;&raquo; background_position=&nbsp;&raquo;top_left&nbsp;&raquo; background_repeat=&nbsp;&raquo;repeat&nbsp;&raquo; hover_enabled=&nbsp;&raquo;0&Prime; use_border_color=&nbsp;&raquo;off&nbsp;&raquo; border_color=&nbsp;&raquo;#ffffff&nbsp;&raquo; border_style=&nbsp;&raquo;solid&nbsp;&raquo; global_colors_info=&nbsp;&raquo;{}&nbsp;&raquo; sticky_enabled=&nbsp;&raquo;0&Prime;]<\/p>\n<h3>L&rsquo;\u00e9cole maternelle<\/h3>\n<p>L\u2019\u00e9cole maternelle su\u00e9doise accueille ses \u00e9l\u00e8ves de petite, moyenne et grande section, deux demi-journ\u00e9es par semaine : mardi 13h30-16h15 et vendredi 8h45-12h00.<\/p>\n<p><img loading=\"lazy\" decoding=\"async\" class=\"wp-image-4690 alignnone size-medium\" src=\"https:\/\/sectionsuedoise.com\/wp-content\/uploads\/2023\/09\/IMG-20220513-WA0000-225x300.jpg\" alt=\"\" width=\"225\" height=\"300\" \/><\/p>\n<p>Les autres jours de la semaine, les \u00e9l\u00e8ves sont inscrits en grande ou moyenne section dans l&rsquo;\u00e9cole maternelle fran\u00e7aise o\u00f9 ils habitent. Les enfants sont pris en charge par nos enseignants su\u00e9dois, ambitieux et cr\u00e9atifs. L&rsquo;enseignement est tr\u00e8s vari\u00e9 et ludique.<\/p>\n<p><img loading=\"lazy\" decoding=\"async\" class=\"wp-image-5729 alignnone size-medium\" src=\"https:\/\/sectionsuedoise.com\/wp-content\/uploads\/2025\/10\/forskolan-225x300.jpg\" alt=\"\" width=\"225\" height=\"300\" \/><\/p>\n<p>Jouer avec d&rsquo;autres enfants su\u00e9dois d\u00e8s le plus jeune \u00e2ge et d\u2019utiliser la langue su\u00e9doise en dehors de la maison est tr\u00e8s important pour le d\u00e9veloppement bilingue. Nous remarquons qu\u2019ils se sentent tr\u00e8s confiants de rencontrer d&rsquo;autres enfants parlant la m\u00eame langue qu\u2019eux lorsqu\u2019ils viennent en classe chez nous.<\/p>\n<p><img loading=\"lazy\" decoding=\"async\" class=\"wp-image-5731 alignnone size-medium\" src=\"https:\/\/sectionsuedoise.com\/wp-content\/uploads\/2025\/10\/IMG_7463-225x300.jpeg\" alt=\"\" width=\"225\" height=\"300\" \/><\/p>\n<p>[\/et_pb_text][\/et_pb_column][et_pb_column type=&nbsp;&raquo;1_3&Prime; _builder_version=&nbsp;&raquo;4.16&Prime; custom_padding=&nbsp;&raquo;|||&nbsp;&raquo; global_colors_info=&nbsp;&raquo;{}&nbsp;&raquo; custom_padding__hover=&nbsp;&raquo;|||&nbsp;&raquo;][et_pb_sidebar orientation=&nbsp;&raquo;right&nbsp;&raquo; area=&nbsp;&raquo;sidebar-1&Prime; admin_label=&nbsp;&raquo;Sidebar&nbsp;&raquo; _builder_version=&nbsp;&raquo;4.16&Prime; global_colors_info=&nbsp;&raquo;{}&nbsp;&raquo;] [\/et_pb_sidebar][\/et_pb_column][\/et_pb_row][\/et_pb_section]<\/p>\n","protected":false},"excerpt":{"rendered":"<p>L&rsquo;\u00e9cole maternelle L\u2019\u00e9cole maternelle su\u00e9doise accueille ses \u00e9l\u00e8ves de petite, moyenne et grande section, deux demi-journ\u00e9es par semaine : mardi 13h30-16h15 et vendredi 8h45-12h00. Les autres jours de la semaine, les \u00e9l\u00e8ves sont inscrits en grande ou moyenne section dans l&rsquo;\u00e9cole maternelle fran\u00e7aise o\u00f9 ils habitent. Les enfants sont pris en charge par nos enseignants [&hellip;]<\/p>\n","protected":false},"author":1,"featured_media":0,"parent":573,"menu_order":15,"comment_status":"closed","ping_status":"closed","template":"","meta":{"_et_pb_use_builder":"on","_et_pb_old_content":"","_et_gb_content_width":"","footnotes":"","_links_to":"","_links_to_target":""},"class_list":["post-579","page","type-page","status-publish","hentry"],"yoast_head":"<!-- This site is optimized with the Yoast SEO plugin v27.4 - https:\/\/yoast.com\/product\/yoast-seo-wordpress\/ -->\n<title>La Maternelle - Section Su\u00e9doise | Svenska Sektionen | Saint-Germain-en-Laye<\/title>\n<meta name=\"robots\" content=\"index, follow, max-snippet:-1, max-image-preview:large, max-video-preview:-1\" \/>\n<link rel=\"canonical\" href=\"https:\/\/sectionsuedoise.com\/fr\/le-programme-deducation\/la-maternelle\/\" \/>\n<meta property=\"og:locale\" content=\"fr_FR\" \/>\n<meta property=\"og:type\" content=\"article\" \/>\n<meta property=\"og:title\" content=\"La Maternelle - Section Su\u00e9doise | Svenska Sektionen | Saint-Germain-en-Laye\" \/>\n<meta property=\"og:description\" content=\"L&#039;\u00e9cole maternelle L\u2019\u00e9cole maternelle su\u00e9doise accueille ses \u00e9l\u00e8ves de petite, moyenne et grande section, deux demi-journ\u00e9es par semaine : mardi 13h30-16h15 et vendredi 8h45-12h00. Les autres jours de la semaine, les \u00e9l\u00e8ves sont inscrits en grande ou moyenne section dans l&#039;\u00e9cole maternelle fran\u00e7aise o\u00f9 ils habitent. Les enfants sont pris en charge par nos enseignants [&hellip;]\" \/>\n<meta property=\"og:url\" content=\"https:\/\/sectionsuedoise.com\/fr\/le-programme-deducation\/la-maternelle\/\" \/>\n<meta property=\"og:site_name\" content=\"Section Su\u00e9doise | Svenska Sektionen | Saint-Germain-en-Laye\" \/>\n<meta property=\"article:modified_time\" content=\"2025-10-07T13:07:24+00:00\" \/>\n<meta property=\"og:image\" content=\"https:\/\/sectionsuedoise.com\/wp-content\/uploads\/2023\/09\/IMG-20220513-WA0000.jpg\" \/>\n\t<meta property=\"og:image:width\" content=\"1200\" \/>\n\t<meta property=\"og:image:height\" content=\"1600\" \/>\n\t<meta property=\"og:image:type\" content=\"image\/jpeg\" \/>\n<meta name=\"twitter:label1\" content=\"Dur\u00e9e de lecture estim\u00e9e\" \/>\n\t<meta name=\"twitter:data1\" content=\"2 minutes\" \/>\n<script type=\"application\/ld+json\" class=\"yoast-schema-graph\">{\"@context\":\"https:\\\/\\\/schema.org\",\"@graph\":[{\"@type\":\"WebPage\",\"@id\":\"https:\\\/\\\/sectionsuedoise.com\\\/fr\\\/le-programme-deducation\\\/la-maternelle\\\/\",\"url\":\"https:\\\/\\\/sectionsuedoise.com\\\/fr\\\/le-programme-deducation\\\/la-maternelle\\\/\",\"name\":\"La Maternelle - Section Su\u00e9doise | Svenska Sektionen | Saint-Germain-en-Laye\",\"isPartOf\":{\"@id\":\"https:\\\/\\\/sectionsuedoise.com\\\/#website\"},\"primaryImageOfPage\":{\"@id\":\"https:\\\/\\\/sectionsuedoise.com\\\/fr\\\/le-programme-deducation\\\/la-maternelle\\\/#primaryimage\"},\"image\":{\"@id\":\"https:\\\/\\\/sectionsuedoise.com\\\/fr\\\/le-programme-deducation\\\/la-maternelle\\\/#primaryimage\"},\"thumbnailUrl\":\"https:\\\/\\\/sectionsuedoise.com\\\/wp-content\\\/uploads\\\/2023\\\/09\\\/IMG-20220513-WA0000-225x300.jpg\",\"datePublished\":\"2015-02-12T12:33:31+00:00\",\"dateModified\":\"2025-10-07T13:07:24+00:00\",\"breadcrumb\":{\"@id\":\"https:\\\/\\\/sectionsuedoise.com\\\/fr\\\/le-programme-deducation\\\/la-maternelle\\\/#breadcrumb\"},\"inLanguage\":\"fr-FR\",\"potentialAction\":[{\"@type\":\"ReadAction\",\"target\":[\"https:\\\/\\\/sectionsuedoise.com\\\/fr\\\/le-programme-deducation\\\/la-maternelle\\\/\"]}]},{\"@type\":\"ImageObject\",\"inLanguage\":\"fr-FR\",\"@id\":\"https:\\\/\\\/sectionsuedoise.com\\\/fr\\\/le-programme-deducation\\\/la-maternelle\\\/#primaryimage\",\"url\":\"https:\\\/\\\/sectionsuedoise.com\\\/wp-content\\\/uploads\\\/2023\\\/09\\\/IMG-20220513-WA0000-225x300.jpg\",\"contentUrl\":\"https:\\\/\\\/sectionsuedoise.com\\\/wp-content\\\/uploads\\\/2023\\\/09\\\/IMG-20220513-WA0000-225x300.jpg\"},{\"@type\":\"BreadcrumbList\",\"@id\":\"https:\\\/\\\/sectionsuedoise.com\\\/fr\\\/le-programme-deducation\\\/la-maternelle\\\/#breadcrumb\",\"itemListElement\":[{\"@type\":\"ListItem\",\"position\":1,\"name\":\"Hem\",\"item\":\"https:\\\/\\\/sectionsuedoise.com\\\/fr\\\/\"},{\"@type\":\"ListItem\",\"position\":2,\"name\":\"Le programme d&#8217;\u00e9ducation\",\"item\":\"https:\\\/\\\/sectionsuedoise.com\\\/fr\\\/le-programme-deducation\\\/\"},{\"@type\":\"ListItem\",\"position\":3,\"name\":\"La Maternelle\"}]},{\"@type\":\"WebSite\",\"@id\":\"https:\\\/\\\/sectionsuedoise.com\\\/#website\",\"url\":\"https:\\\/\\\/sectionsuedoise.com\\\/\",\"name\":\"Section Su\u00e9doise | Svenska Sektionen | Saint-Germain-en-Laye\",\"description\":\"En till WordPress-webbplats\",\"potentialAction\":[{\"@type\":\"SearchAction\",\"target\":{\"@type\":\"EntryPoint\",\"urlTemplate\":\"https:\\\/\\\/sectionsuedoise.com\\\/?s={search_term_string}\"},\"query-input\":{\"@type\":\"PropertyValueSpecification\",\"valueRequired\":true,\"valueName\":\"search_term_string\"}}],\"inLanguage\":\"fr-FR\"}]}<\/script>\n<!-- \/ Yoast SEO plugin. -->","yoast_head_json":{"title":"La Maternelle - Section Su\u00e9doise | Svenska Sektionen | Saint-Germain-en-Laye","robots":{"index":"index","follow":"follow","max-snippet":"max-snippet:-1","max-image-preview":"max-image-preview:large","max-video-preview":"max-video-preview:-1"},"canonical":"https:\/\/sectionsuedoise.com\/fr\/le-programme-deducation\/la-maternelle\/","og_locale":"fr_FR","og_type":"article","og_title":"La Maternelle - Section Su\u00e9doise | Svenska Sektionen | Saint-Germain-en-Laye","og_description":"L'\u00e9cole maternelle L\u2019\u00e9cole maternelle su\u00e9doise accueille ses \u00e9l\u00e8ves de petite, moyenne et grande section, deux demi-journ\u00e9es par semaine : mardi 13h30-16h15 et vendredi 8h45-12h00. Les autres jours de la semaine, les \u00e9l\u00e8ves sont inscrits en grande ou moyenne section dans l'\u00e9cole maternelle fran\u00e7aise o\u00f9 ils habitent. Les enfants sont pris en charge par nos enseignants [&hellip;]","og_url":"https:\/\/sectionsuedoise.com\/fr\/le-programme-deducation\/la-maternelle\/","og_site_name":"Section Su\u00e9doise | Svenska Sektionen | Saint-Germain-en-Laye","article_modified_time":"2025-10-07T13:07:24+00:00","og_image":[{"width":1200,"height":1600,"url":"https:\/\/sectionsuedoise.com\/wp-content\/uploads\/2023\/09\/IMG-20220513-WA0000.jpg","type":"image\/jpeg"}],"twitter_misc":{"Dur\u00e9e de lecture estim\u00e9e":"2 minutes"},"schema":{"@context":"https:\/\/schema.org","@graph":[{"@type":"WebPage","@id":"https:\/\/sectionsuedoise.com\/fr\/le-programme-deducation\/la-maternelle\/","url":"https:\/\/sectionsuedoise.com\/fr\/le-programme-deducation\/la-maternelle\/","name":"La Maternelle - Section Su\u00e9doise | Svenska Sektionen | Saint-Germain-en-Laye","isPartOf":{"@id":"https:\/\/sectionsuedoise.com\/#website"},"primaryImageOfPage":{"@id":"https:\/\/sectionsuedoise.com\/fr\/le-programme-deducation\/la-maternelle\/#primaryimage"},"image":{"@id":"https:\/\/sectionsuedoise.com\/fr\/le-programme-deducation\/la-maternelle\/#primaryimage"},"thumbnailUrl":"https:\/\/sectionsuedoise.com\/wp-content\/uploads\/2023\/09\/IMG-20220513-WA0000-225x300.jpg","datePublished":"2015-02-12T12:33:31+00:00","dateModified":"2025-10-07T13:07:24+00:00","breadcrumb":{"@id":"https:\/\/sectionsuedoise.com\/fr\/le-programme-deducation\/la-maternelle\/#breadcrumb"},"inLanguage":"fr-FR","potentialAction":[{"@type":"ReadAction","target":["https:\/\/sectionsuedoise.com\/fr\/le-programme-deducation\/la-maternelle\/"]}]},{"@type":"ImageObject","inLanguage":"fr-FR","@id":"https:\/\/sectionsuedoise.com\/fr\/le-programme-deducation\/la-maternelle\/#primaryimage","url":"https:\/\/sectionsuedoise.com\/wp-content\/uploads\/2023\/09\/IMG-20220513-WA0000-225x300.jpg","contentUrl":"https:\/\/sectionsuedoise.com\/wp-content\/uploads\/2023\/09\/IMG-20220513-WA0000-225x300.jpg"},{"@type":"BreadcrumbList","@id":"https:\/\/sectionsuedoise.com\/fr\/le-programme-deducation\/la-maternelle\/#breadcrumb","itemListElement":[{"@type":"ListItem","position":1,"name":"Hem","item":"https:\/\/sectionsuedoise.com\/fr\/"},{"@type":"ListItem","position":2,"name":"Le programme d&#8217;\u00e9ducation","item":"https:\/\/sectionsuedoise.com\/fr\/le-programme-deducation\/"},{"@type":"ListItem","position":3,"name":"La Maternelle"}]},{"@type":"WebSite","@id":"https:\/\/sectionsuedoise.com\/#website","url":"https:\/\/sectionsuedoise.com\/","name":"Section Su\u00e9doise | Svenska Sektionen | Saint-Germain-en-Laye","description":"En till WordPress-webbplats","potentialAction":[{"@type":"SearchAction","target":{"@type":"EntryPoint","urlTemplate":"https:\/\/sectionsuedoise.com\/?s={search_term_string}"},"query-input":{"@type":"PropertyValueSpecification","valueRequired":true,"valueName":"search_term_string"}}],"inLanguage":"fr-FR"}]}},"_links":{"self":[{"href":"https:\/\/sectionsuedoise.com\/fr\/wp-json\/wp\/v2\/pages\/579\/"}],"collection":[{"href":"https:\/\/sectionsuedoise.com\/fr\/wp-json\/wp\/v2\/pages\/"}],"about":[{"href":"https:\/\/sectionsuedoise.com\/fr\/wp-json\/wp\/v2\/types\/page\/"}],"author":[{"embeddable":true,"href":"https:\/\/sectionsuedoise.com\/fr\/wp-json\/wp\/v2\/users\/1\/"}],"replies":[{"embeddable":true,"href":"https:\/\/sectionsuedoise.com\/fr\/wp-json\/wp\/v2\/comments\/?post=579"}],"version-history":[{"count":5,"href":"https:\/\/sectionsuedoise.com\/fr\/wp-json\/wp\/v2\/pages\/579\/revisions\/"}],"predecessor-version":[{"id":5736,"href":"https:\/\/sectionsuedoise.com\/fr\/wp-json\/wp\/v2\/pages\/579\/revisions\/5736\/"}],"up":[{"embeddable":true,"href":"https:\/\/sectionsuedoise.com\/fr\/wp-json\/wp\/v2\/pages\/573\/"}],"wp:attachment":[{"href":"https:\/\/sectionsuedoise.com\/fr\/wp-json\/wp\/v2\/media\/?parent=579"}],"curies":[{"name":"wp","href":"https:\/\/api.w.org\/{rel}","templated":true}]}}